{"id":60,"date":"2025-01-13T18:47:38","date_gmt":"2025-01-13T18:47:38","guid":{"rendered":"https:\/\/dradaianepaloschi.com.br\/?page_id=60"},"modified":"2026-04-18T00:02:24","modified_gmt":"2026-04-18T00:02:24","slug":"dra-daiane-paloschi-2","status":"publish","type":"page","link":"https:\/\/dradaianepaloschi.com.br\/es\/","title":{"rendered":"Dra Daiane Paloschi"},"content":{"rendered":"<div id=\"bsf_rt_marker\"><\/div><div class=\"wpb-content-wrapper\"><div data-vc-full-width=\"true\" data-vc-full-width-init=\"false\" class=\"vc_row wpb_row vc_row-fluid bg-2 vc_custom_1759885852893 vc_row-has-fill vc_row-o-full-height vc_row-o-columns-middle vc_row-flex un-row-full-width\"><div class=\"container-fluid\"><div class=\"row\"><div class=\"wpb_column vc_column_container vc_col-sm-1\"><div class=\"vc_column-inner\"><div class=\"wpb_wrapper\"><\/div><\/div><\/div><div class=\"wpb_column vc_column_container vc_col-sm-10\"><div class=\"vc_column-inner\"><div class=\"wpb_wrapper\"><div class=\"ba-empty-space \" style=\"\"><div class=\"ba_empty_space_lg\"  style=\"height: 80px\"><\/div><div class=\"ba_empty_space_md\"  style=\"height: 80px\"><\/div><div class=\"ba_empty_space_xs\"  style=\"height: 80px\"><\/div><\/div><div class=\"ba-empty-space \" style=\"\"><div class=\"ba_empty_space_lg\"  style=\"height: 80px\"><\/div><div class=\"ba_empty_space_md\"  style=\"height: 80px\"><\/div><div class=\"ba_empty_space_xs\"  style=\"height: 80px\"><\/div><\/div>\n\t<div class=\"wpb_text_column wpb_content_element\" >\n\t\t<div class=\"wpb_wrapper\">\n\t\t\t<h2>Odontologia integrada e preventiva: com inova\u00e7\u00e3o e conforto em cada procedimento<\/h2>\n\n\t\t<\/div>\n\t<\/div>\n<div class=\"vc_row wpb_row vc_inner vc_row-fluid vc_column-gap-35 vc_row-o-equal-height vc_row-flex\"><div class=\"wpb_column vc_column_container vc_col-sm-6\"><div class=\"vc_column-inner\"><div class=\"wpb_wrapper\">\n\t<div class=\"wpb_text_column wpb_content_element\" >\n\t\t<div class=\"wpb_wrapper\">\n\t\t\t<p>Um sorriso alinhado, uma respira\u00e7\u00e3o livre e noites bem dormidas s\u00e3o o reflexo de uma odontologia feita com prop\u00f3sito. Cada paciente descobre que o verdadeiro tratamento vai al\u00e9m da est\u00e9tica \u2014 ele transforma a forma de viver.<\/p>\n<p>Mais do que t\u00e9cnica, o que define o atendimento \u00e9 a escuta e o cuidado. Cada consulta \u00e9 conduzida com aten\u00e7\u00e3o aos detalhes, respeitando a individualidade de cada pessoa. O objetivo \u00e9 oferecer uma experi\u00eancia tranquila, segura e transformadora \u2014 dentro e fora do consult\u00f3rio.<\/p>\n\n\t\t<\/div>\n\t<\/div>\n<div class=\"vc_empty_space\"   style=\"height: 32px\"><span class=\"vc_empty_space_inner\"><\/span><\/div><\/div><\/div><\/div><div class=\"wpb_column vc_column_container vc_col-sm-6\"><div class=\"vc_column-inner\"><div class=\"wpb_wrapper\">\n\t<div class=\"wpb_text_column wpb_content_element\" >\n\t\t<div class=\"wpb_wrapper\">\n\t\t\t<p>A sa\u00fade bucal influencia diretamente a respira\u00e7\u00e3o, o sono e o desempenho di\u00e1rio. Por isso, cada tratamento busca n\u00e3o apenas tratar, mas prevenir, fortalecer e equilibrar.<\/p>\n<p>Com exames digitais, moldagens em 3D e aparelhos personalizados, a experi\u00eancia cl\u00ednica se torna mais precisa, confort\u00e1vel e eficaz. A tecnologia atua como aliada para proporcionar resultados naturais e duradouros.<\/p>\n\n\t\t<\/div>\n\t<\/div>\n<div class=\"vc_empty_space\"   style=\"height: 32px\"><span class=\"vc_empty_space_inner\"><\/span><\/div><\/div><\/div><\/div><\/div><div class=\"ba-empty-space \" style=\"\"><div class=\"ba_empty_space_lg\"  style=\"height: 60px\"><\/div><div class=\"ba_empty_space_md\"  style=\"height: 60px\"><\/div><div class=\"ba_empty_space_xs\"  style=\"height: 60px\"><\/div><\/div><\/div><\/div><\/div><div class=\"wpb_column vc_column_container vc_col-sm-1\"><div class=\"vc_column-inner\"><div class=\"wpb_wrapper\"><\/div><\/div><\/div><\/div><\/div><\/div><div class=\"vc_row-full-width vc_clearfix\"><\/div><div data-vc-full-width=\"true\" data-vc-full-width-init=\"false\" class=\"vc_row wpb_row vc_row-fluid vc_custom_1759885132950 vc_row-has-fill un-row-full-width\"><div class=\"container-fluid\"><div class=\"row\"><div class=\"wpb_column vc_column_container vc_col-sm-1\"><div class=\"vc_column-inner\"><div class=\"wpb_wrapper\"><\/div><\/div><\/div><div class=\"wpb_column vc_column_container vc_col-sm-10\"><div class=\"vc_column-inner\"><div class=\"wpb_wrapper\"><div class=\"ba-empty-space \" style=\"\"><div class=\"ba_empty_space_lg\"  style=\"height: 60px\"><\/div><div class=\"ba_empty_space_md\"  style=\"height: 60px\"><\/div><div class=\"ba_empty_space_xs\"  style=\"height: 60px\"><\/div><\/div><div class=\"vc_row wpb_row vc_inner vc_row-fluid vc_column-gap-35\"><div class=\"wpb_column vc_column_container vc_col-sm-4\"><div class=\"vc_column-inner\"><div class=\"wpb_wrapper\">\n\t<div class=\"wpb_text_column wpb_content_element\" >\n\t\t<div class=\"wpb_wrapper\">\n\t\t\t<h3>Tratamento odontol\u00f3gico personalizado com tecnologia de ponta<\/h3>\n<p>Como cirurgi\u00e3-dentista especialista em Ronco e Apneia do Sono, alio tecnologia avan\u00e7ada, conhecimento cient\u00edfico e uma abordagem humanizada. Cada plano \u00e9 desenhado com precis\u00e3o e empatia \u2014 seja para reabilitar o sorriso, corrigir a mordida, alinhar os dentes ou tratar dist\u00farbios respirat\u00f3rios do sono.<\/p>\n\n\t\t<\/div>\n\t<\/div>\n<div class=\"vc_empty_space\"   style=\"height: 32px\"><span class=\"vc_empty_space_inner\"><\/span><\/div><\/div><\/div><\/div><div class=\"wpb_column vc_column_container vc_col-sm-4\"><div class=\"vc_column-inner\"><div class=\"wpb_wrapper\">\n\t<div class=\"wpb_text_column wpb_content_element\" >\n\t\t<div class=\"wpb_wrapper\">\n\t\t\t<h3>Cuidar do sorriso \u00e9 cuidar de toda a sua sa\u00fade<\/h3>\n<p>A odontologia moderna vai al\u00e9m da est\u00e9tica. Ela devolve harmonia, equil\u00edbrio e autoconfian\u00e7a. Quando o sorriso est\u00e1 saud\u00e1vel, o corpo responde com vitalidade e a mente se renova. O tratamento odontol\u00f3gico \u00e9 uma ponte entre o cuidado f\u00edsico e o bem-estar emocional.<\/p>\n\n\t\t<\/div>\n\t<\/div>\n<div class=\"vc_empty_space\"   style=\"height: 32px\"><span class=\"vc_empty_space_inner\"><\/span><\/div><\/div><\/div><\/div><div class=\"wpb_column vc_column_container vc_col-sm-4\"><div class=\"vc_column-inner\"><div class=\"wpb_wrapper\">\n\t<div class=\"wpb_text_column wpb_content_element\" >\n\t\t<div class=\"wpb_wrapper\">\n\t\t\t<h3>Sono de qualidade, vida plena<\/h3>\n<p>Dormir bem \u00e9 o ponto de partida para viver melhor. A sa\u00fade do sono influencia a energia, o humor e at\u00e9 a longevidade. Com tratamentos personalizados, \u00e9 poss\u00edvel restaurar o equil\u00edbrio da respira\u00e7\u00e3o e permitir que o corpo recupere sua for\u00e7a natural.<\/p>\n\n\t\t<\/div>\n\t<\/div>\n<div class=\"vc_empty_space\"   style=\"height: 32px\"><span class=\"vc_empty_space_inner\"><\/span><\/div><\/div><\/div><\/div><\/div><div class=\"ba-empty-space \" style=\"\"><div class=\"ba_empty_space_lg\"  style=\"height: 60px\"><\/div><div class=\"ba_empty_space_md\"  style=\"height: 60px\"><\/div><div class=\"ba_empty_space_xs\"  style=\"height: 60px\"><\/div><\/div><\/div><\/div><\/div><div class=\"wpb_column vc_column_container vc_col-sm-1\"><div class=\"vc_column-inner\"><div class=\"wpb_wrapper\"><\/div><\/div><\/div><\/div><\/div><\/div><div class=\"vc_row-full-width vc_clearfix\"><\/div><div data-vc-full-width=\"true\" data-vc-full-width-init=\"false\" data-vc-stretch-content=\"true\" class=\"vc_row wpb_row vc_row-fluid branco vc_custom_1758831522566 vc_row-has-fill vc_row-o-equal-height vc_row-o-content-middle vc_row-flex un-row-full-width\"><div class=\"container-fluid\"><div class=\"row\"><div class=\"pad wpb_column vc_column_container vc_col-sm-4\"><div class=\"vc_column-inner\"><div class=\"wpb_wrapper\"><div class=\"ba-empty-space \" style=\"\"><div class=\"ba_empty_space_lg\"  style=\"height: 60px\"><\/div><div class=\"ba_empty_space_md\"  style=\"height: 60px\"><\/div><div class=\"ba_empty_space_xs\"  style=\"height: 60px\"><\/div><\/div>\n\t<div class=\"wpb_text_column wpb_content_element\" >\n\t\t<div class=\"wpb_wrapper\">\n\t\t\t<h2 style=\"text-align: center;\">Sobre mim<\/h2>\n<p style=\"text-align: center; max-wdith: 80%; margin-right: 10%; margin-left: 10%;\">Sou Cirurgi\u00e3-dentista com mais de 15 anos de experi\u00eancia cl\u00ednica, atuando de forma integrada nas diversas especialidades odontol\u00f3gicas. Propriet\u00e1ria de cl\u00ednica odontol\u00f3gica no Rio de Janeiro desde 2020, com p\u00f3s-gradua\u00e7\u00e3o em Implantodontia e Pr\u00f3tese Dent\u00e1ria pela S\u00e3o Leopoldo Mandic. Especialista em Bruxismo, Ronco e Apneia do Sono, capacitada pelo M\u00e9todo PowerDoctor na indica\u00e7\u00e3o e adapta\u00e7\u00e3o de aparelho intraoral (AIO). Realizo diagn\u00f3stico, manejo cl\u00ednico e planos de tratamento personalizados para melhorar a qualidade do sono de cada paciente. Entre em contato e agende sua consulta.<\/p>\n\n\t\t<\/div>\n\t<\/div>\n<div class=\"vc_empty_space\"   style=\"height: 32px\"><span class=\"vc_empty_space_inner\"><\/span><\/div><div class=\"vc_btn3-container vc_btn3-center vc_do_btn\" ><a class=\"vc_general vc_btn3 vc_btn3-size-md vc_btn3-shape-rounded vc_btn3-style-modern vc_btn3-color-grey\" href=\"https:\/\/dradaianepaloschi.com.br\/dra-daiane-paloschi\/\" title=\"Conhe\u00e7a e veja a forma\u00e7\u00e3o acad\u00eamica\">Conhe\u00e7a mais<\/a><\/div><div class=\"vc_empty_space\"   style=\"height: 32px\"><span class=\"vc_empty_space_inner\"><\/span><\/div><div class=\"ba-empty-space \" style=\"\"><div class=\"ba_empty_space_lg\"  style=\"height: 60px\"><\/div><div class=\"ba_empty_space_md\"  style=\"height: 60px\"><\/div><div class=\"ba_empty_space_xs\"  style=\"height: 60px\"><\/div><\/div><\/div><\/div><\/div><div class=\"wpb_column vc_column_container vc_col-sm-4 vc_col-has-fill\"><div class=\"vc_column-inner vc_custom_1758827962107\"><div class=\"wpb_wrapper\"><div class=\"ba-empty-space \" style=\"\"><div class=\"ba_empty_space_lg\"  style=\"height: 700px\"><\/div><div class=\"ba_empty_space_md\"  style=\"height: 700px\"><\/div><div class=\"ba_empty_space_xs\"  style=\"height: 700px\"><\/div><\/div><\/div><\/div><\/div><div class=\"pad wpb_column vc_column_container vc_col-sm-4\"><div class=\"vc_column-inner\"><div class=\"wpb_wrapper\"><div class=\"ba-empty-space \" style=\"\"><div class=\"ba_empty_space_lg\"  style=\"height: 60px\"><\/div><div class=\"ba_empty_space_md\"  style=\"height: 60px\"><\/div><div class=\"ba_empty_space_xs\"  style=\"height: 60px\"><\/div><\/div>\n\t<div class=\"wpb_text_column wpb_content_element\" >\n\t\t<div class=\"wpb_wrapper\">\n\t\t\t<p><center><a href=\"https:\/\/api.whatsapp.com\/send\/?phone=5521996229549&amp;text=Ol%C3%A1+Dra+Dai%21&amp;type=phone_number&amp;app_absent=0\"><img decoding=\"async\" src=\"https:\/\/dradaianepaloschi.com.br\/wp-content\/uploads\/2025\/09\/whatsapp.svg\" alt=\"Whatsapp\" width=\"40px\" height=\"40px\" \/><\/a><\/center><\/p>\n<h4 style=\"text-align: center;\"><a href=\"https:\/\/api.whatsapp.com\/send\/?phone=5521996229549&amp;text=Ol%C3%A1+Dra+Dai%21&amp;type=phone_number&amp;app_absent=0\">Para iniciar seu atendimento,<br \/>\nentre em contato e agende<br \/>\na sua primeira sess\u00e3o<br \/>\natrav\u00e9s do <strong><u>Whatsapp<\/u><\/strong><\/a><\/h4>\n\n\t\t<\/div>\n\t<\/div>\n<div class=\"ba-empty-space \" style=\"\"><div class=\"ba_empty_space_lg\"  style=\"height: 60px\"><\/div><div class=\"ba_empty_space_md\"  style=\"height: 60px\"><\/div><div class=\"ba_empty_space_xs\"  style=\"height: 60px\"><\/div><\/div><\/div><\/div><\/div><\/div><\/div><\/div><div class=\"vc_row-full-width vc_clearfix\"><\/div><div data-vc-full-width=\"true\" data-vc-full-width-init=\"false\" data-vc-stretch-content=\"true\" class=\"vc_row wpb_row vc_row-fluid pad vc_custom_1758827802565 vc_row-has-fill vc_row-no-padding un-row-full-width\"><div class=\"container-fluid\"><div class=\"row\"><div class=\"wpb_column vc_column_container vc_col-sm-1\"><div class=\"vc_column-inner\"><div class=\"wpb_wrapper\"><\/div><\/div><\/div><div class=\"wpb_column vc_column_container vc_col-sm-10\"><div class=\"vc_column-inner\"><div class=\"wpb_wrapper\"><div class=\"vc_empty_space\"   style=\"height: 60px\"><span class=\"vc_empty_space_inner\"><\/span><\/div>\n\t<div class=\"wpb_text_column wpb_content_element\" >\n\t\t<div class=\"wpb_wrapper\">\n\t\t\t<h2>Depoimentos de pacientes<\/h2>\n\n\t\t<\/div>\n\t<\/div>\n\n\t<div class=\"wpb_raw_code wpb_raw_html wpb_content_element\" >\n\t\t<div class=\"wpb_wrapper\">\n\t\t\t<center><style type='text\/css' media='all'>#tss-container-403341494.tss-wrapper .tss-layout10 .item-content-wrapper,\r\n\t\t\t\t\t#tss-container-403341494.tss-wrapper .tss-isotope3 .item-content-wrapper,\r\n\t\t\t\t\t#tss-container-403341494.tss-wrapper .tss-isotope5 .item-content-wrapper,\r\n\t\t\t\t\t#tss-container-403341494.tss-wrapper .tss-carousel10 .item-content-wrapper{background: transparent;}<\/style><div class='rt-container-fluid tss-wrapper ' id='tss-container-403341494'  data-layout='carousel3' data-desktop-col='3'  data-tab-col='2'  data-mobile-col='1'><div data-title='Loading ...' class='rt-row tss-carousel3 tss-even tss-pre-loader'><div class=\"carousel-wrapper\"><div  class='tss-carousel swiper'\r\n\t\t\t\t\t\t\t\t\t\tdata-loop='false'\r\n\t\t\t\t\t\t\t\t\t\tdata-items-desktop='3'\r\n\t\t\t\t\t\t\t\t\t\tdata-items-tab='2'\r\n\t\t\t\t\t\t\t\t\t\tdata-items-mobile='1'\r\n\t\t\t\t\t\t\t\t\t\tdata-autoplay='false'\r\n\t\t\t\t\t\t\t\t\t\tdata-autoplay-timeout='5000'\r\n\t\t\t\t\t\t\t\t\t\tdata-autoplay-hover-pause='true'\r\n\t\t\t\t\t\t\t\t\t\tdata-dots='true'\r\n\t\t\t\t\t\t\t\t\t\tdata-nav='true'\r\n\t\t\t\t\t\t\t\t\t\tdata-lazy-load='true'\r\n\t\t\t\t\t\t\t\t\t\tdata-auto-height='true'\r\n\t\t\t\t\t\t\t\t\t\tdata-smart-speed='2000'\r\n\t\t\t\t\t\t\t\t\t\t><div class=\"swiper-wrapper\"><div class=\"rt-col-md-12 rt-col-sm-12 rt-col-xs-12 even-grid-item tss-grid-item slide-item swiper-slide even-grid-item default-margin\"><div class=\"single-item-wrapper\"><div class=\"tss-meta-info\"><div class=\"profile-img-wrapper\"><img decoding=\"async\" alt=\"Ana Velasco\" class=\"rt-responsive-img rt-dummy-img\" src=\"https:\/\/dradaianepaloschi.com.br\/wp-content\/plugins\/testimonial-slider-and-showcase\/assets\/images\/placeholder.png\" \/><div class=\"swiper-lazy-preloader swiper-lazy-preloader-white\"><\/div><\/div><\/div><div class=\"rating-wrapper\"><span data-star=\"1\" class=\"star-1 dashicons dashicons-star-filled\" aria-hidden=\"true\"><\/span><span data-star=\"2\" class=\"star-2 dashicons dashicons-star-filled\" aria-hidden=\"true\"><\/span><span data-star=\"3\" class=\"star-3 dashicons dashicons-star-filled\" aria-hidden=\"true\"><\/span><span data-star=\"4\" class=\"star-4 dashicons dashicons-star-filled\" aria-hidden=\"true\"><\/span><span data-star=\"5\" class=\"star-5 dashicons dashicons-star-filled\" aria-hidden=\"true\"><\/span><\/div><h3 class=\"author-name\">Ana Velasco<\/h3><div class=\"item-content-wrapper\"><div class=\"item-content\"><p>A Dra Daiane entrou na minha vida h\u00e1 uns 10 anos, quando eu procurei algu\u00e9m pra contar minha hist\u00f3ria. Ela foi a primeira a olhar pra mim, me ouvir e me acolher como se tivesse alguma responsabilidade em me ajudar. Ela se emocionou, vi no seu olhar, e ali eu confiei nela. Muitas vezes, foi ela quem me convencia a voltar e a n\u00e3o desistir do processo, isso durante anos, por que eu come\u00e7ava mas n\u00e3o continuava por in\u00fameras raz\u00f5es. At\u00e9 que um dia conseguimos! Ela cuidou de tudo com tanto carinho. Ela cuidou pra que o enxerto da gengiva fosse incrivelmente perfeito, que o implante fosse um sucesso, pra que o dente fosse exatamente da cor certa e quando eu olhei no espelho, n\u00e3o tive outra rea\u00e7\u00e3o sen\u00e3o lembrar de tudo q eu passei, de todo percurso at\u00e9 conhecer a Dai. Eu n\u00e3o me reconheci no espelho, eu podia rir sem vergonha, podia rir sem tapar a boca, podia rir de um jeito que eu teria q aprender ainda\u2026 eu sou t\u00e3o grata a voc\u00ea, Dra, que voc\u00ea n\u00e3o tem muita no\u00e7\u00e3o! N\u00e3o s\u00f3 por isso, mas pela sua alegria e emo\u00e7\u00e3o em me acompanhar nessa jornada. Obrigada por ser t\u00e3o especial e ser a melhor dentista que eu poderia ter. &#x2764;&#xfe0f;<\/p>\n<\/div><\/div><\/div><\/div><div class=\"rt-col-md-12 rt-col-sm-12 rt-col-xs-12 even-grid-item tss-grid-item slide-item swiper-slide even-grid-item default-margin\"><div class=\"single-item-wrapper\"><div class=\"tss-meta-info\"><div class=\"profile-img-wrapper\"><img decoding=\"async\" alt=\"Sarah Santos\" class=\"rt-responsive-img rt-dummy-img\" src=\"https:\/\/dradaianepaloschi.com.br\/wp-content\/plugins\/testimonial-slider-and-showcase\/assets\/images\/placeholder.png\" \/><div class=\"swiper-lazy-preloader swiper-lazy-preloader-white\"><\/div><\/div><\/div><div class=\"rating-wrapper\"><span data-star=\"1\" class=\"star-1 dashicons dashicons-star-filled\" aria-hidden=\"true\"><\/span><span data-star=\"2\" class=\"star-2 dashicons dashicons-star-filled\" aria-hidden=\"true\"><\/span><span data-star=\"3\" class=\"star-3 dashicons dashicons-star-filled\" aria-hidden=\"true\"><\/span><span data-star=\"4\" class=\"star-4 dashicons dashicons-star-filled\" aria-hidden=\"true\"><\/span><span data-star=\"5\" class=\"star-5 dashicons dashicons-star-filled\" aria-hidden=\"true\"><\/span><\/div><h3 class=\"author-name\">Sarah Santos<\/h3><h4 class=\"author-bio\"><span class=\"author-designation\">Paciente<\/span><\/h4><div class=\"item-content-wrapper\"><div class=\"item-content\"><p>Doutora super atenciosa, simp\u00e1tica, \u00f3tima profissional e paciente ao realizar os procedimentos dent\u00e1rios! Realizei alguns tratamentos com a Dra. Daiane e pela primeira vez n\u00e3o senti medo em ir ao dentista. &#x1f603;&#x1f603;&#x1f603; Ouvi minhas m\u00fasicas preferidas enquanto ela realizava o procedimento e amei! Melhor dentista do Rio de Janeiro! Confio meus dentinhos de olhos fechados \u00e0 Dra. Daiane! &#x1f9b7;&#x2728;<\/p>\n<\/div><\/div><\/div><\/div><div class=\"rt-col-md-12 rt-col-sm-12 rt-col-xs-12 even-grid-item tss-grid-item slide-item swiper-slide even-grid-item default-margin\"><div class=\"single-item-wrapper\"><div class=\"tss-meta-info\"><div class=\"profile-img-wrapper\"><img decoding=\"async\" alt=\"Caio Sarmento\" class=\"rt-responsive-img rt-dummy-img\" src=\"https:\/\/dradaianepaloschi.com.br\/wp-content\/plugins\/testimonial-slider-and-showcase\/assets\/images\/placeholder.png\" \/><div class=\"swiper-lazy-preloader swiper-lazy-preloader-white\"><\/div><\/div><\/div><div class=\"rating-wrapper\"><span data-star=\"1\" class=\"star-1 dashicons dashicons-star-filled\" aria-hidden=\"true\"><\/span><span data-star=\"2\" class=\"star-2 dashicons dashicons-star-filled\" aria-hidden=\"true\"><\/span><span data-star=\"3\" class=\"star-3 dashicons dashicons-star-filled\" aria-hidden=\"true\"><\/span><span data-star=\"4\" class=\"star-4 dashicons dashicons-star-filled\" aria-hidden=\"true\"><\/span><span data-star=\"5\" class=\"star-5 dashicons dashicons-star-filled\" aria-hidden=\"true\"><\/span><\/div><h3 class=\"author-name\">Caio Sarmento<\/h3><h4 class=\"author-bio\"><span class=\"author-designation\">Paciente<\/span><\/h4><div class=\"item-content-wrapper\"><div class=\"item-content\"><p>Fiz um clareamento com a Dra. Daiane e o resultado foi excepcional! Mesmo depois de 2 anos, meus dentes continuam brancos! Al\u00e9m de super profissional e competente, ela \u00e9 a gentileza em pessoa. Fazer o clareamento foi a melhor decis\u00e3o que tomei, um sorriso bonito \u00e9 a sua porta de entrada e aumenta at\u00e9 autoestima. Obrigado Dra. Daiane!<\/p>\n<\/div><\/div><\/div><\/div><div class=\"rt-col-md-12 rt-col-sm-12 rt-col-xs-12 even-grid-item tss-grid-item slide-item swiper-slide even-grid-item default-margin\"><div class=\"single-item-wrapper\"><div class=\"tss-meta-info\"><div class=\"profile-img-wrapper\"><img decoding=\"async\" alt=\"Cardial Pro\" class=\"rt-responsive-img rt-dummy-img\" src=\"https:\/\/dradaianepaloschi.com.br\/wp-content\/plugins\/testimonial-slider-and-showcase\/assets\/images\/placeholder.png\" \/><div class=\"swiper-lazy-preloader swiper-lazy-preloader-white\"><\/div><\/div><\/div><div class=\"rating-wrapper\"><span data-star=\"1\" class=\"star-1 dashicons dashicons-star-filled\" aria-hidden=\"true\"><\/span><span data-star=\"2\" class=\"star-2 dashicons dashicons-star-filled\" aria-hidden=\"true\"><\/span><span data-star=\"3\" class=\"star-3 dashicons dashicons-star-filled\" aria-hidden=\"true\"><\/span><span data-star=\"4\" class=\"star-4 dashicons dashicons-star-filled\" aria-hidden=\"true\"><\/span><span data-star=\"5\" class=\"star-5 dashicons dashicons-star-filled\" aria-hidden=\"true\"><\/span><\/div><h3 class=\"author-name\">Cardial Pro<\/h3><h4 class=\"author-bio\"><span class=\"author-designation\">Paciente<\/span><\/h4><div class=\"item-content-wrapper\"><div class=\"item-content\"><p>Daiane Paloschi possuiu um atendimento impec\u00e1vel, \u00e9 uma profissional de alt\u00edssima qualidade, alto astral e se importa, profundamente, com todos seus pacientes. Tem v\u00e1rias aptid\u00f5es e quando nao consegue suprir a necessidade algu\u00e9m por conta de sua agenda cheia ou n\u00e3o ser sua especialidade j\u00e1 tem q indica\u00e7\u00e3o perfeito e com atendimento na pr\u00f3pria sala.<\/p>\n<\/div><\/div><\/div><\/div><div class=\"rt-col-md-12 rt-col-sm-12 rt-col-xs-12 even-grid-item tss-grid-item slide-item swiper-slide even-grid-item default-margin\"><div class=\"single-item-wrapper\"><div class=\"tss-meta-info\"><div class=\"profile-img-wrapper\"><img decoding=\"async\" alt=\"Diana Melo\" class=\"rt-responsive-img rt-dummy-img\" src=\"https:\/\/dradaianepaloschi.com.br\/wp-content\/plugins\/testimonial-slider-and-showcase\/assets\/images\/placeholder.png\" \/><div class=\"swiper-lazy-preloader swiper-lazy-preloader-white\"><\/div><\/div><\/div><div class=\"rating-wrapper\"><span data-star=\"1\" class=\"star-1 dashicons dashicons-star-filled\" aria-hidden=\"true\"><\/span><span data-star=\"2\" class=\"star-2 dashicons dashicons-star-filled\" aria-hidden=\"true\"><\/span><span data-star=\"3\" class=\"star-3 dashicons dashicons-star-filled\" aria-hidden=\"true\"><\/span><span data-star=\"4\" class=\"star-4 dashicons dashicons-star-filled\" aria-hidden=\"true\"><\/span><span data-star=\"5\" class=\"star-5 dashicons dashicons-star-filled\" aria-hidden=\"true\"><\/span><\/div><h3 class=\"author-name\">Diana Melo<\/h3><h4 class=\"author-bio\"><span class=\"author-designation\">Paciente<\/span><\/h4><div class=\"item-content-wrapper\"><div class=\"item-content\"><p>Maravilhosa! Atendimento perfeito, atenciosa e muito profissional. D\u00e1 para sentir o cuidado e a paix\u00e3o pelo que faz. Parab\u00e9ns pelo excelente trabalho!<\/p>\n<\/div><\/div><\/div><\/div><div class=\"rt-col-md-12 rt-col-sm-12 rt-col-xs-12 even-grid-item tss-grid-item slide-item swiper-slide even-grid-item default-margin\"><div class=\"single-item-wrapper\"><div class=\"tss-meta-info\"><div class=\"profile-img-wrapper\"><img decoding=\"async\" alt=\"Angela Galvan\" class=\"rt-responsive-img rt-dummy-img\" src=\"https:\/\/dradaianepaloschi.com.br\/wp-content\/plugins\/testimonial-slider-and-showcase\/assets\/images\/placeholder.png\" \/><div class=\"swiper-lazy-preloader swiper-lazy-preloader-white\"><\/div><\/div><\/div><div class=\"rating-wrapper\"><span data-star=\"1\" class=\"star-1 dashicons dashicons-star-filled\" aria-hidden=\"true\"><\/span><span data-star=\"2\" class=\"star-2 dashicons dashicons-star-filled\" aria-hidden=\"true\"><\/span><span data-star=\"3\" class=\"star-3 dashicons dashicons-star-filled\" aria-hidden=\"true\"><\/span><span data-star=\"4\" class=\"star-4 dashicons dashicons-star-filled\" aria-hidden=\"true\"><\/span><span data-star=\"5\" class=\"star-5 dashicons dashicons-star-filled\" aria-hidden=\"true\"><\/span><\/div><h3 class=\"author-name\">Angela Galvan<\/h3><h4 class=\"author-bio\"><span class=\"author-designation\">Paciente<\/span><\/h4><div class=\"item-content-wrapper\"><div class=\"item-content\"><p>\u00d3tima profissional!! Faz um excelente trabalho. Super atenciosa e cuidadosa, explica todos os procedimentos, orientando da melhor forma. Recomendo sempre!<\/p>\n<\/div><\/div><\/div><\/div><div class=\"rt-col-md-12 rt-col-sm-12 rt-col-xs-12 even-grid-item tss-grid-item slide-item swiper-slide even-grid-item default-margin\"><div class=\"single-item-wrapper\"><div class=\"tss-meta-info\"><div class=\"profile-img-wrapper\"><img decoding=\"async\" alt=\"Netlie Oliveira\" class=\"rt-responsive-img rt-dummy-img\" src=\"https:\/\/dradaianepaloschi.com.br\/wp-content\/plugins\/testimonial-slider-and-showcase\/assets\/images\/placeholder.png\" \/><div class=\"swiper-lazy-preloader swiper-lazy-preloader-white\"><\/div><\/div><\/div><div class=\"rating-wrapper\"><span data-star=\"1\" class=\"star-1 dashicons dashicons-star-filled\" aria-hidden=\"true\"><\/span><span data-star=\"2\" class=\"star-2 dashicons dashicons-star-filled\" aria-hidden=\"true\"><\/span><span data-star=\"3\" class=\"star-3 dashicons dashicons-star-filled\" aria-hidden=\"true\"><\/span><span data-star=\"4\" class=\"star-4 dashicons dashicons-star-filled\" aria-hidden=\"true\"><\/span><span data-star=\"5\" class=\"star-5 dashicons dashicons-star-filled\" aria-hidden=\"true\"><\/span><\/div><h3 class=\"author-name\">Netlie Oliveira<\/h3><h4 class=\"author-bio\"><span class=\"author-designation\">Paciente<\/span><\/h4><div class=\"item-content-wrapper\"><div class=\"item-content\"><p>Moro em Portugal e, todas as vezes que passo pelo Brasil, sou atendida pela Dai\u2026 Amo demais o cuidado e o profissionalismo dela e indico de olhos fechados!! Inclusive, tenho dormido muito melhor por conta do tratamento de ronco que fizemos!!<\/p>\n<\/div><\/div><\/div><\/div><div class=\"rt-col-md-12 rt-col-sm-12 rt-col-xs-12 even-grid-item tss-grid-item slide-item swiper-slide even-grid-item default-margin\"><div class=\"single-item-wrapper\"><div class=\"tss-meta-info\"><div class=\"profile-img-wrapper\"><img decoding=\"async\" alt=\"Mary Moreira\" class=\"rt-responsive-img rt-dummy-img\" src=\"https:\/\/dradaianepaloschi.com.br\/wp-content\/plugins\/testimonial-slider-and-showcase\/assets\/images\/placeholder.png\" \/><div class=\"swiper-lazy-preloader swiper-lazy-preloader-white\"><\/div><\/div><\/div><div class=\"rating-wrapper\"><span data-star=\"1\" class=\"star-1 dashicons dashicons-star-filled\" aria-hidden=\"true\"><\/span><span data-star=\"2\" class=\"star-2 dashicons dashicons-star-filled\" aria-hidden=\"true\"><\/span><span data-star=\"3\" class=\"star-3 dashicons dashicons-star-filled\" aria-hidden=\"true\"><\/span><span data-star=\"4\" class=\"star-4 dashicons dashicons-star-filled\" aria-hidden=\"true\"><\/span><span data-star=\"5\" class=\"star-5 dashicons dashicons-star-filled\" aria-hidden=\"true\"><\/span><\/div><h3 class=\"author-name\">Mary Moreira<\/h3><h4 class=\"author-bio\"><span class=\"author-designation\">Paciente<\/span><\/h4><div class=\"item-content-wrapper\"><div class=\"item-content\"><p>A Dra Daiane \u00e9 \u00f3tima, atenciosa, muito profissional, fiquei muito satisfeita com o primeiro atendimento recebido! Bjs Dra &#x2665;&#xfe0f;<\/p>\n<\/div><\/div><\/div><\/div><div class=\"rt-col-md-12 rt-col-sm-12 rt-col-xs-12 even-grid-item tss-grid-item slide-item swiper-slide even-grid-item default-margin\"><div class=\"single-item-wrapper\"><div class=\"tss-meta-info\"><div class=\"profile-img-wrapper\"><img decoding=\"async\" alt=\"Alex Saito\" class=\"rt-responsive-img rt-dummy-img\" src=\"https:\/\/dradaianepaloschi.com.br\/wp-content\/plugins\/testimonial-slider-and-showcase\/assets\/images\/placeholder.png\" \/><div class=\"swiper-lazy-preloader swiper-lazy-preloader-white\"><\/div><\/div><\/div><div class=\"rating-wrapper\"><span data-star=\"1\" class=\"star-1 dashicons dashicons-star-filled\" aria-hidden=\"true\"><\/span><span data-star=\"2\" class=\"star-2 dashicons dashicons-star-filled\" aria-hidden=\"true\"><\/span><span data-star=\"3\" class=\"star-3 dashicons dashicons-star-filled\" aria-hidden=\"true\"><\/span><span data-star=\"4\" class=\"star-4 dashicons dashicons-star-filled\" aria-hidden=\"true\"><\/span><span data-star=\"5\" class=\"star-5 dashicons dashicons-star-filled\" aria-hidden=\"true\"><\/span><\/div><h3 class=\"author-name\">Alex Saito<\/h3><div class=\"item-content-wrapper\"><div class=\"item-content\"><p>A Dra. Daiane \u00e9 uma excelente profissional! Vim por recomenda\u00e7\u00e3o para uma limpeza e ela virou minha dentista! J\u00e1 fiz desde tratamento est\u00e9tico a implante. Nota mil!<\/p>\n<\/div><\/div><\/div><\/div><\/div><div class=\"swiper-arrow swiper-button-next\"><i class=\"rttss-right-open\"><\/i><\/div><div class=\"swiper-arrow swiper-button-prev\"><i class=\"rttss-left-open\"><\/i><\/div><div class=\"swiper-pagination\"><\/div><\/div><\/div><div class=\"rt-loading-overlay\"><\/div><div class=\"rt-loading rt-ball-clip-rotate\"><div><\/div><\/div><\/div><\/div><\/center>\n\t\t<\/div>\n\t<\/div>\n<div class=\"vc_empty_space\"   style=\"height: 60px\"><span class=\"vc_empty_space_inner\"><\/span><\/div>\n\t<div class=\"wpb_raw_code wpb_raw_html wpb_content_element\" >\n\t\t<div class=\"wpb_wrapper\">\n\t\t\t<center> <link data-noptimize=\"1\" data-no-optimize=\"1\" data-no-minify=\"1\" data-no-defer=\"1\" rel=\"stylesheet\" href=\"https:\/\/dradaianepaloschi.com.br\/wp-content\/uploads\/trustindex-google-widget.css?1787084061\" media=\"all\"><pre class=\"ti-widget\"><div style=\"opacity: 0;height: 0 !important;overflow: hidden !important\" data-css-url=\"https:\/\/dradaianepaloschi.com.br\/wp-content\/uploads\/trustindex-google-widget.css?1787084061\" class=\" ti-widget  ti-goog ti-review-text-mode-readmore ti-text-align-left\" data-no-translation=\"true\" data-time-locale=\"%d %s atr\u00e1s|hoje|dia|dias|semana|semanas|m\u00eas|meses|ano|anos\" data-plugin-version=\"14.1\" data-layout-id=\"107\" data-layout-category=\"badge\" data-set-id=\"drop-shadow\" data-pid=\"wp-widget\" data-language=\"pt\" data-close-locale=\"Fechar\" data-css-version=\"2\" data-size=\"1\"> <div class=\"ti-widget-container\"> <a href=\"https:\/\/admin.trustindex.io\/api\/googleReview?place-id=ChIJQ-7UVNJ_mQARB4zoAqCba_o\" role=\"button\" target=\"_blank\" rel=\"noopener nofollow\" class=\"ti-footer ti-footer-grid source-Google\"> <div class=\"ti-fade-container\"> <div class=\"ti-rating-text\"> <strong class=\"ti-rating ti-rating-large\"> EXCELENTE <\/strong> <\/div> <span class=\"ti-stars star-lg\"><img decoding=\"async\" class=\"ti-star skip-lazy\" src=\"https:\/\/cdn.trustindex.io\/assets\/platform\/Google\/star\/f.svg\" alt=\"Google star 1\" width=\"17\" height=\"17\" loading=\"lazy\" \/><img decoding=\"async\" class=\"ti-star skip-lazy\" src=\"https:\/\/cdn.trustindex.io\/assets\/platform\/Google\/star\/f.svg\" alt=\"Google star 2\" width=\"17\" height=\"17\" loading=\"lazy\" \/><img decoding=\"async\" class=\"ti-star skip-lazy\" src=\"https:\/\/cdn.trustindex.io\/assets\/platform\/Google\/star\/f.svg\" alt=\"Google star 3\" width=\"17\" height=\"17\" loading=\"lazy\" \/><img decoding=\"async\" class=\"ti-star skip-lazy\" src=\"https:\/\/cdn.trustindex.io\/assets\/platform\/Google\/star\/f.svg\" alt=\"Google star 4\" width=\"17\" height=\"17\" loading=\"lazy\" \/><img decoding=\"async\" class=\"ti-star skip-lazy\" src=\"https:\/\/cdn.trustindex.io\/assets\/platform\/Google\/star\/f.svg\" alt=\"Google star 5\" width=\"17\" height=\"17\" loading=\"lazy\" \/><\/span> <div class=\"ti-rating-text\"> <span class=\"nowrap\">Com base em <span class=\"underline\">27 avalia\u00e7\u00f5es<\/span><\/span> <\/div> <div class=\"ti-large-logo\"> <div class=\"ti-v-center\"> <img decoding=\"async\" class=\"ti-logo-fb skip-lazy\" src=\"https:\/\/cdn.trustindex.io\/assets\/platform\/Google\/logo.svg\" width=\"150\" height=\"25\" loading=\"lazy\" alt=\"Google\" \/> <\/div> <\/div> <\/div> <\/a> <\/div> <\/div> <\/pre><script>\n(function () { if (window.tiLoaderFallback) { return; } window.tiLoaderFallback = true; function tiLoadLoader() { if (window.TrustindexWidget || document.querySelector('script[src*=\"https:\/\/cdn.trustindex.io\/loader.js\"]')) { return; } let script = document.createElement(\"script\"); script.async = true; script.src = \"https:\/\/cdn.trustindex.io\/loader.js\"; script.setAttribute(\"data-ccm-injected\", \"1\"); document.head.appendChild(script); } if (\"loading\" === document.readyState) { document.addEventListener(\"DOMContentLoaded\", tiLoadLoader); } else { tiLoadLoader(); } })();\n<\/script>\n<\/center>\n\t\t<\/div>\n\t<\/div>\n<div class=\"vc_empty_space\"   style=\"height: 60px\"><span class=\"vc_empty_space_inner\"><\/span><\/div><\/div><\/div><\/div><div class=\"wpb_column vc_column_container vc_col-sm-1\"><div class=\"vc_column-inner\"><div class=\"wpb_wrapper\"><\/div><\/div><\/div><\/div><\/div><\/div><div class=\"vc_row-full-width vc_clearfix\"><\/div><div data-vc-full-width=\"true\" data-vc-full-width-init=\"false\" data-vc-stretch-content=\"true\" class=\"vc_row wpb_row vc_row-fluid pad vc_custom_1759767726746 vc_row-has-fill vc_row-no-padding un-row-full-width\"><div class=\"container-fluid\"><div class=\"row\"><div class=\"wpb_column vc_column_container vc_col-sm-1\"><div class=\"vc_column-inner\"><div class=\"wpb_wrapper\"><\/div><\/div><\/div><div class=\"wpb_column vc_column_container vc_col-sm-10\"><div class=\"vc_column-inner\"><div class=\"wpb_wrapper\"><div class=\"vc_empty_space\"   style=\"height: 60px\"><span class=\"vc_empty_space_inner\"><\/span><\/div>\n\t<div class=\"wpb_text_column wpb_content_element\" >\n\t\t<div class=\"wpb_wrapper\">\n\t\t\t<h2>Artigos e Not\u00edcias<\/h2>\n\n\t\t<\/div>\n\t<\/div>\n<div class=\"vc_empty_space\"   style=\"height: 32px\"><span class=\"vc_empty_space_inner\"><\/span><\/div><div class=\"ba-latest-post blog-grid \">\n                <div class=\"post-list row\"><div class=\"post-wrapper col-md-4 col-xs-12 col-sm-6\">\n\t\t\t\t\t<div class=\"blog-wrapper\">\n\t\t\t\t\t\t<div class=\"entry-thumbnail\">\n\t\t\t\t\t\t\t<a class=\"blog-thumb\" href=\"https:\/\/dradaianepaloschi.com.br\/es\/menopausa-por-que-o-sono-piora-e-o-ronco-pode-surgir\/\"><img decoding=\"async\" width=\"592\" height=\"424\" src=\"https:\/\/dradaianepaloschi.com.br\/wp-content\/uploads\/2026\/03\/Captura-de-Tela-2026-03-24-as-18.32.04-592x424.webp\" class=\"attachment-baroque-blog-grid size-baroque-blog-grid not-transparent wp-post-image\" alt=\"Menopausa: por que o sono piora e o ronco pode surgir\" srcset=\"https:\/\/dradaianepaloschi.com.br\/wp-content\/uploads\/2026\/03\/Captura-de-Tela-2026-03-24-as-18.32.04-592x424.webp 592w, https:\/\/dradaianepaloschi.com.br\/wp-content\/uploads\/2026\/03\/Captura-de-Tela-2026-03-24-as-18.32.04-18x12.webp 18w\" sizes=\"(max-width: 592px) 100vw, 592px\" data-has-transparency=\"false\" data-dominant-color=\"a5897e\" style=\"--dominant-color: #a5897e;\" \/><\/a>\n\t\t\t\t\t\t\t<a href=\"https:\/\/dradaianepaloschi.com.br\/es\/menopausa-por-que-o-sono-piora-e-o-ronco-pode-surgir\/\" class=\"read-more\">LER ARTIGO <i class=\"icon-plus\"><\/i><\/a>\n\t\t\t\t\t\t<\/div>\n\t\t\t\t\t\t<div class=\"entry-summary\">\n\t\t\t\t\t\t\t<div class=\"entry-header\">\n\t\t\t\t\t\t\t\t<div class=\"entry-meta\">\n\t\t\t\t\t\t\t\t\t<span class=\"meta date\"><time class=\"entry-date published updated\" datetime=\"2026-03-24T21:33:45+00:00\">24 de marzo de 2026<\/time><\/span><span class=\"meta cat\"><a href=\"https:\/\/dradaianepaloschi.com.br\/es\/categoria\/artigos-e-noticias\/\" class=\"cat-links\">Artigos e Not\u00edcias<\/a><\/span>\n\t\t\t\t\t\t\t\t<\/div>\n\t\t\t\t\t\t\t\t<h2 class=\"entry-title\"><a href=\"https:\/\/dradaianepaloschi.com.br\/es\/menopausa-por-que-o-sono-piora-e-o-ronco-pode-surgir\/\">Menopausa: por que o sono piora e o ronco pode surgir<\/a><\/h2>\n\t\t\t\t\t\t\t<\/div>\n\t\t\t\t\t\t<\/div>\n\t\t\t\t\t<\/div>\n\t\t\t\t<\/div><div class=\"post-wrapper col-md-4 col-xs-12 col-sm-6\">\n\t\t\t\t\t<div class=\"blog-wrapper\">\n\t\t\t\t\t\t<div class=\"entry-thumbnail\">\n\t\t\t\t\t\t\t<a class=\"blog-thumb\" href=\"https:\/\/dradaianepaloschi.com.br\/es\/libido-baixa-pode-ser-problema-de-sono\/\"><img decoding=\"async\" width=\"592\" height=\"424\" src=\"https:\/\/dradaianepaloschi.com.br\/wp-content\/uploads\/2026\/03\/Captura-de-Tela-2026-03-24-as-18.22.52-592x424.webp\" class=\"attachment-baroque-blog-grid size-baroque-blog-grid not-transparent wp-post-image\" alt=\"Libido baixa pode ser problema de sono\" srcset=\"https:\/\/dradaianepaloschi.com.br\/wp-content\/uploads\/2026\/03\/Captura-de-Tela-2026-03-24-as-18.22.52-592x424.webp 592w, https:\/\/dradaianepaloschi.com.br\/wp-content\/uploads\/2026\/03\/Captura-de-Tela-2026-03-24-as-18.22.52-18x12.webp 18w\" sizes=\"(max-width: 592px) 100vw, 592px\" data-has-transparency=\"false\" data-dominant-color=\"caad9e\" style=\"--dominant-color: #caad9e;\" \/><\/a>\n\t\t\t\t\t\t\t<a href=\"https:\/\/dradaianepaloschi.com.br\/es\/libido-baixa-pode-ser-problema-de-sono\/\" class=\"read-more\">LER ARTIGO <i class=\"icon-plus\"><\/i><\/a>\n\t\t\t\t\t\t<\/div>\n\t\t\t\t\t\t<div class=\"entry-summary\">\n\t\t\t\t\t\t\t<div class=\"entry-header\">\n\t\t\t\t\t\t\t\t<div class=\"entry-meta\">\n\t\t\t\t\t\t\t\t\t<span class=\"meta date\"><time class=\"entry-date published updated\" datetime=\"2026-03-24T21:25:13+00:00\">24 de marzo de 2026<\/time><\/span><span class=\"meta cat\"><a href=\"https:\/\/dradaianepaloschi.com.br\/es\/categoria\/artigos-e-noticias\/\" class=\"cat-links\">Artigos e Not\u00edcias<\/a><\/span>\n\t\t\t\t\t\t\t\t<\/div>\n\t\t\t\t\t\t\t\t<h2 class=\"entry-title\"><a href=\"https:\/\/dradaianepaloschi.com.br\/es\/libido-baixa-pode-ser-problema-de-sono\/\">Libido baixa pode ser problema de sono<\/a><\/h2>\n\t\t\t\t\t\t\t<\/div>\n\t\t\t\t\t\t<\/div>\n\t\t\t\t\t<\/div>\n\t\t\t\t<\/div><div class=\"post-wrapper col-md-4 col-xs-12 col-sm-6\">\n\t\t\t\t\t<div class=\"blog-wrapper\">\n\t\t\t\t\t\t<div class=\"entry-thumbnail\">\n\t\t\t\t\t\t\t<a class=\"blog-thumb\" href=\"https:\/\/dradaianepaloschi.com.br\/es\/dente-amarelado-o-que-causa-e-como-recuperar-a-cor-do-seu-sorriso\/\"><img decoding=\"async\" width=\"592\" height=\"424\" src=\"https:\/\/dradaianepaloschi.com.br\/wp-content\/uploads\/2026\/03\/dente-amarelado-clareamento-592x424.webp\" class=\"attachment-baroque-blog-grid size-baroque-blog-grid not-transparent wp-post-image\" alt=\"Dente amarelado: o que causa e como recuperar a cor do seu sorriso\" data-has-transparency=\"false\" data-dominant-color=\"69523c\" style=\"--dominant-color: #69523c;\" \/><\/a>\n\t\t\t\t\t\t\t<a href=\"https:\/\/dradaianepaloschi.com.br\/es\/dente-amarelado-o-que-causa-e-como-recuperar-a-cor-do-seu-sorriso\/\" class=\"read-more\">LER ARTIGO <i class=\"icon-plus\"><\/i><\/a>\n\t\t\t\t\t\t<\/div>\n\t\t\t\t\t\t<div class=\"entry-summary\">\n\t\t\t\t\t\t\t<div class=\"entry-header\">\n\t\t\t\t\t\t\t\t<div class=\"entry-meta\">\n\t\t\t\t\t\t\t\t\t<span class=\"meta date\"><time class=\"entry-date published updated\" datetime=\"2026-03-24T21:18:28+00:00\">24 de marzo de 2026<\/time><\/span><span class=\"meta cat\"><a href=\"https:\/\/dradaianepaloschi.com.br\/es\/categoria\/duvidas-frequentes\/\" class=\"cat-links\">D\u00favidas Frequentes<\/a><\/span>\n\t\t\t\t\t\t\t\t<\/div>\n\t\t\t\t\t\t\t\t<h2 class=\"entry-title\"><a href=\"https:\/\/dradaianepaloschi.com.br\/es\/dente-amarelado-o-que-causa-e-como-recuperar-a-cor-do-seu-sorriso\/\">Dente amarelado: o que causa e como recuperar a cor do seu sorriso<\/a><\/h2>\n\t\t\t\t\t\t\t<\/div>\n\t\t\t\t\t\t<\/div>\n\t\t\t\t\t<\/div>\n\t\t\t\t<\/div><div class=\"post-wrapper col-md-4 col-xs-12 col-sm-6\">\n\t\t\t\t\t<div class=\"blog-wrapper\">\n\t\t\t\t\t\t<div class=\"entry-thumbnail\">\n\t\t\t\t\t\t\t<a class=\"blog-thumb\" href=\"https:\/\/dradaianepaloschi.com.br\/es\/dentista-receita-mounjaro\/\"><img decoding=\"async\" width=\"592\" height=\"424\" src=\"https:\/\/dradaianepaloschi.com.br\/wp-content\/uploads\/2026\/03\/dentista-receita-Mounjaro-592x424.webp\" class=\"attachment-baroque-blog-grid size-baroque-blog-grid not-transparent wp-post-image\" alt=\"Dentista receita Mounjaro?\" srcset=\"https:\/\/dradaianepaloschi.com.br\/wp-content\/uploads\/2026\/03\/dentista-receita-Mounjaro-592x424.webp 592w, https:\/\/dradaianepaloschi.com.br\/wp-content\/uploads\/2026\/03\/dentista-receita-Mounjaro-16x12.webp 16w\" sizes=\"(max-width: 592px) 100vw, 592px\" data-has-transparency=\"false\" data-dominant-color=\"8b7a70\" style=\"--dominant-color: #8b7a70;\" \/><\/a>\n\t\t\t\t\t\t\t<a href=\"https:\/\/dradaianepaloschi.com.br\/es\/dentista-receita-mounjaro\/\" class=\"read-more\">LER ARTIGO <i class=\"icon-plus\"><\/i><\/a>\n\t\t\t\t\t\t<\/div>\n\t\t\t\t\t\t<div class=\"entry-summary\">\n\t\t\t\t\t\t\t<div class=\"entry-header\">\n\t\t\t\t\t\t\t\t<div class=\"entry-meta\">\n\t\t\t\t\t\t\t\t\t<span class=\"meta date\"><time class=\"entry-date published updated\" datetime=\"2026-03-24T21:04:53+00:00\">24 de marzo de 2026<\/time><\/span><span class=\"meta cat\"><a href=\"https:\/\/dradaianepaloschi.com.br\/es\/categoria\/artigos-e-noticias\/\" class=\"cat-links\">Artigos e Not\u00edcias<\/a><\/span>\n\t\t\t\t\t\t\t\t<\/div>\n\t\t\t\t\t\t\t\t<h2 class=\"entry-title\"><a href=\"https:\/\/dradaianepaloschi.com.br\/es\/dentista-receita-mounjaro\/\">Dentista receita Mounjaro?<\/a><\/h2>\n\t\t\t\t\t\t\t<\/div>\n\t\t\t\t\t\t<\/div>\n\t\t\t\t\t<\/div>\n\t\t\t\t<\/div><div class=\"post-wrapper col-md-4 col-xs-12 col-sm-6\">\n\t\t\t\t\t<div class=\"blog-wrapper\">\n\t\t\t\t\t\t<div class=\"entry-thumbnail\">\n\t\t\t\t\t\t\t<a class=\"blog-thumb\" href=\"https:\/\/dradaianepaloschi.com.br\/es\/apneia-noturna-por-que-nao-e-normal-e-como-isso-afeta-sua-saude\/\"><img decoding=\"async\" width=\"592\" height=\"424\" src=\"https:\/\/dradaianepaloschi.com.br\/wp-content\/uploads\/2026\/03\/dra-daiane-paloschi-odontologia-do-sono-apneia-ronco-1-592x424.webp\" class=\"attachment-baroque-blog-grid size-baroque-blog-grid not-transparent wp-post-image\" alt=\"Dra Daiane Paloschi Odontologia - Cirurgi\u00e3 Dentista - Especialista em Ronco e Apn\u00e9ia do Sono\" data-has-transparency=\"false\" data-dominant-color=\"a27789\" style=\"--dominant-color: #a27789;\" \/><\/a>\n\t\t\t\t\t\t\t<a href=\"https:\/\/dradaianepaloschi.com.br\/es\/apneia-noturna-por-que-nao-e-normal-e-como-isso-afeta-sua-saude\/\" class=\"read-more\">LER ARTIGO <i class=\"icon-plus\"><\/i><\/a>\n\t\t\t\t\t\t<\/div>\n\t\t\t\t\t\t<div class=\"entry-summary\">\n\t\t\t\t\t\t\t<div class=\"entry-header\">\n\t\t\t\t\t\t\t\t<div class=\"entry-meta\">\n\t\t\t\t\t\t\t\t\t<span class=\"meta date\"><time class=\"entry-date published updated\" datetime=\"2026-03-24T20:53:05+00:00\">24 de marzo de 2026<\/time><\/span><span class=\"meta cat\"><a href=\"https:\/\/dradaianepaloschi.com.br\/es\/categoria\/apneia-do-sono\/\" class=\"cat-links\">Apn\u00e9ia do Sono<\/a><\/span>\n\t\t\t\t\t\t\t\t<\/div>\n\t\t\t\t\t\t\t\t<h2 class=\"entry-title\"><a href=\"https:\/\/dradaianepaloschi.com.br\/es\/apneia-noturna-por-que-nao-e-normal-e-como-isso-afeta-sua-saude\/\">Apneia noturna: por que n\u00e3o \u00e9 normal e como isso afeta sua sa\u00fade<\/a><\/h2>\n\t\t\t\t\t\t\t<\/div>\n\t\t\t\t\t\t<\/div>\n\t\t\t\t\t<\/div>\n\t\t\t\t<\/div><div class=\"post-wrapper col-md-4 col-xs-12 col-sm-6\">\n\t\t\t\t\t<div class=\"blog-wrapper\">\n\t\t\t\t\t\t<div class=\"entry-thumbnail\">\n\t\t\t\t\t\t\t<a class=\"blog-thumb\" href=\"https:\/\/dradaianepaloschi.com.br\/es\/como-esta-a-sua-qualidade-do-sono-voce-so-tem-uma-vida\/\"><img decoding=\"async\" width=\"592\" height=\"424\" src=\"https:\/\/dradaianepaloschi.com.br\/wp-content\/uploads\/2026\/03\/Captura-de-Tela-2026-03-24-as-17.44.58-592x424.webp\" class=\"attachment-baroque-blog-grid size-baroque-blog-grid not-transparent wp-post-image\" alt=\"Como est\u00e1 a sua qualidade do sono? Voc\u00ea s\u00f3 tem uma vida.\" srcset=\"https:\/\/dradaianepaloschi.com.br\/wp-content\/uploads\/2026\/03\/Captura-de-Tela-2026-03-24-as-17.44.58-592x424.webp 592w, https:\/\/dradaianepaloschi.com.br\/wp-content\/uploads\/2026\/03\/Captura-de-Tela-2026-03-24-as-17.44.58-16x12.webp 16w\" sizes=\"(max-width: 592px) 100vw, 592px\" data-has-transparency=\"false\" data-dominant-color=\"8399a1\" style=\"--dominant-color: #8399a1;\" \/><\/a>\n\t\t\t\t\t\t\t<a href=\"https:\/\/dradaianepaloschi.com.br\/es\/como-esta-a-sua-qualidade-do-sono-voce-so-tem-uma-vida\/\" class=\"read-more\">LER ARTIGO <i class=\"icon-plus\"><\/i><\/a>\n\t\t\t\t\t\t<\/div>\n\t\t\t\t\t\t<div class=\"entry-summary\">\n\t\t\t\t\t\t\t<div class=\"entry-header\">\n\t\t\t\t\t\t\t\t<div class=\"entry-meta\">\n\t\t\t\t\t\t\t\t\t<span class=\"meta date\"><time class=\"entry-date published updated\" datetime=\"2026-03-24T20:46:49+00:00\">24 de marzo de 2026<\/time><\/span><span class=\"meta cat\"><a href=\"https:\/\/dradaianepaloschi.com.br\/es\/categoria\/apneia-do-sono\/\" class=\"cat-links\">Apn\u00e9ia do Sono<\/a><\/span>\n\t\t\t\t\t\t\t\t<\/div>\n\t\t\t\t\t\t\t\t<h2 class=\"entry-title\"><a href=\"https:\/\/dradaianepaloschi.com.br\/es\/como-esta-a-sua-qualidade-do-sono-voce-so-tem-uma-vida\/\">Como est\u00e1 a sua qualidade do sono? Voc\u00ea s\u00f3 tem uma vida.<\/a><\/h2>\n\t\t\t\t\t\t\t<\/div>\n\t\t\t\t\t\t<\/div>\n\t\t\t\t\t<\/div>\n\t\t\t\t<\/div><\/div>\n            <\/div><div class=\"vc_empty_space\"   style=\"height: 60px\"><span class=\"vc_empty_space_inner\"><\/span><\/div><div class=\"vc_btn3-container vc_btn3-center vc_do_btn\" ><a class=\"vc_general vc_btn3 vc_btn3-size-md vc_btn3-shape-rounded vc_btn3-style-modern vc_btn3-color-grey\" href=\"https:\/\/dradaianepaloschi.com.br\/artigos-e-noticias\/\" title=\"Ver todos os artigos\">Ver todos os artigos<\/a><\/div><div class=\"vc_empty_space\"   style=\"height: 60px\"><span class=\"vc_empty_space_inner\"><\/span><\/div><\/div><\/div><\/div><div class=\"wpb_column vc_column_container vc_col-sm-1\"><div class=\"vc_column-inner\"><div class=\"wpb_wrapper\"><\/div><\/div><\/div><\/div><\/div><\/div><div class=\"vc_row-full-width vc_clearfix\"><\/div><div data-vc-full-width=\"true\" data-vc-full-width-init=\"false\" data-vc-stretch-content=\"true\" class=\"vc_row wpb_row vc_row-fluid pad vc_custom_1758831565664 vc_row-has-fill vc_row-no-padding un-row-full-width\"><div class=\"container-fluid\"><div class=\"row\"><div class=\"wpb_column vc_column_container vc_col-sm-12\"><div class=\"vc_column-inner\"><div class=\"wpb_wrapper\"><div class=\"vc_empty_space\"   style=\"height: 60px\"><span class=\"vc_empty_space_inner\"><\/span><\/div>\n\t<div class=\"wpb_raw_code wpb_raw_html wpb_content_element\" >\n\t\t<div class=\"wpb_wrapper\">\n\t\t\t<center><div id=\"trustindex-feed-container-instagram-946a9d46df411c0\"><\/div><\/center>\n\t\t<\/div>\n\t<\/div>\n<div class=\"vc_empty_space\"   style=\"height: 60px\"><span class=\"vc_empty_space_inner\"><\/span><\/div><\/div><\/div><\/div><\/div><\/div><\/div><div class=\"vc_row-full-width vc_clearfix\"><\/div>\n<\/div>","protected":false},"excerpt":{"rendered":"Qualidade do sono \u00e9 um dos pilares mais importantes da sa\u00fade, mesmo que muita gente ainda ignore isso no dia a dia. Imagina ter s\u00f3 uma vida e n\u00e3o cuidar do sono. Parece exagero, mas \u00e9 exatamente o que acontece com muitas pessoas. Dormir mal acaba sendo visto como algo normal, parte da rotina ou [...]","protected":false},"author":1,"featured_media":55,"parent":0,"menu_order":0,"comment_status":"closed","ping_status":"closed","template":"template-homepage.php","meta":{"_daextam_enable_autolinks":"0","footnotes":""},"class_list":["post-60","page","type-page","status-publish","has-post-thumbnail","hentry",""],"yoast_head":"<!-- This site is optimized with the Yoast SEO Premium plugin v27.6.1 (Yoast SEO v28.4) - https:\/\/yoast.com\/product\/yoast-seo-premium-wordpress\/ -->\n<title>Dra Daiane Paloschi \/ Cirurgi\u00e3 Dentista - Especialista em Ronco e Apn\u00e9ia do Sono<\/title>\n<meta name=\"description\" content=\"Dra Daiane Paloschi \/ Dentista especialista em Ronco e Apn\u00e9ia do Sono no Rio de Janeiro\" \/>\n<meta name=\"robots\" content=\"index, follow, max-snippet:-1, max-image-preview:large, max-video-preview:-1\" \/>\n<link rel=\"canonical\" href=\"https:\/\/dradaianepaloschi.com.br\/es\/\" \/>\n<meta property=\"og:locale\" content=\"es_ES\" \/>\n<meta property=\"og:type\" content=\"article\" \/>\n<meta property=\"og:title\" content=\"Dra Daiane Paloschi\" \/>\n<meta property=\"og:description\" content=\"Dra Daiane Paloschi \/ Dentista especialista em Ronco e Apn\u00e9ia do Sono no Rio de Janeiro\" \/>\n<meta property=\"og:url\" content=\"https:\/\/dradaianepaloschi.com.br\/es\/\" \/>\n<meta property=\"og:site_name\" content=\"Dra. Daiane Paloschi\" \/>\n<meta property=\"article:modified_time\" content=\"2026-04-18T00:02:24+00:00\" \/>\n<meta property=\"og:image\" content=\"https:\/\/dradaianepaloschi.com.br\/wp-content\/uploads\/2025\/01\/01-LOGO-RGB-QUADRADO.webp\" \/>\n\t<meta property=\"og:image:width\" content=\"1920\" \/>\n\t<meta property=\"og:image:height\" content=\"1920\" \/>\n\t<meta property=\"og:image:type\" content=\"image\/jpeg\" \/>\n<meta name=\"twitter:card\" content=\"summary_large_image\" \/>\n<meta name=\"twitter:label1\" content=\"Tiempo de lectura\" \/>\n\t<meta name=\"twitter:data1\" content=\"4 minutos\" \/>\n<script type=\"application\/ld+json\" class=\"yoast-schema-graph\">{\"@context\":\"https:\\\/\\\/schema.org\",\"@graph\":[{\"@type\":\"WebPage\",\"@id\":\"https:\\\/\\\/dradaianepaloschi.com.br\\\/\",\"url\":\"https:\\\/\\\/dradaianepaloschi.com.br\\\/\",\"name\":\"Dra Daiane Paloschi \\\/ Cirurgi\u00e3 Dentista - Especialista em Ronco e Apn\u00e9ia do Sono\",\"isPartOf\":{\"@id\":\"https:\\\/\\\/dradaianepaloschi.com.br\\\/#website\"},\"primaryImageOfPage\":{\"@id\":\"https:\\\/\\\/dradaianepaloschi.com.br\\\/#primaryimage\"},\"image\":{\"@id\":\"https:\\\/\\\/dradaianepaloschi.com.br\\\/#primaryimage\"},\"thumbnailUrl\":\"https:\\\/\\\/dradaianepaloschi.com.br\\\/wp-content\\\/uploads\\\/2025\\\/01\\\/01-LOGO-RGB-QUADRADO.webp\",\"datePublished\":\"2025-01-13T18:47:38+00:00\",\"dateModified\":\"2026-04-18T00:02:24+00:00\",\"description\":\"Dra Daiane Paloschi \\\/ Dentista especialista em Ronco e Apn\u00e9ia do Sono no Rio de Janeiro\",\"breadcrumb\":{\"@id\":\"https:\\\/\\\/dradaianepaloschi.com.br\\\/#breadcrumb\"},\"inLanguage\":\"es\",\"potentialAction\":[{\"@type\":\"ReadAction\",\"target\":[\"https:\\\/\\\/dradaianepaloschi.com.br\\\/\"]}]},{\"@type\":\"ImageObject\",\"inLanguage\":\"es\",\"@id\":\"https:\\\/\\\/dradaianepaloschi.com.br\\\/#primaryimage\",\"url\":\"https:\\\/\\\/dradaianepaloschi.com.br\\\/wp-content\\\/uploads\\\/2025\\\/01\\\/01-LOGO-RGB-QUADRADO.webp\",\"contentUrl\":\"https:\\\/\\\/dradaianepaloschi.com.br\\\/wp-content\\\/uploads\\\/2025\\\/01\\\/01-LOGO-RGB-QUADRADO.webp\",\"width\":1920,\"height\":1920,\"caption\":\"Dra Daiane Paloschi Odontologia -Cirurgi\u00e3 Dentista - Especialista em Ronco e Apn\u00e9ia do Sono\"},{\"@type\":\"BreadcrumbList\",\"@id\":\"https:\\\/\\\/dradaianepaloschi.com.br\\\/#breadcrumb\",\"itemListElement\":[{\"@type\":\"ListItem\",\"position\":1,\"name\":\"Home\",\"item\":\"https:\\\/\\\/dradaianepaloschi.com.br\\\/\"},{\"@type\":\"ListItem\",\"position\":2,\"name\":\"Dra Daiane Paloschi\"}]},{\"@type\":\"WebSite\",\"@id\":\"https:\\\/\\\/dradaianepaloschi.com.br\\\/#website\",\"url\":\"https:\\\/\\\/dradaianepaloschi.com.br\\\/\",\"name\":\"Dra. Daiane Palosci - Odontologia - Especialista em Ronco e Apn\u00e9ia do Sono\",\"description\":\"Cirurgi\u00e3 Dentista - Especialista em Ronco e Apn\u00e9ia do Sono\",\"publisher\":{\"@id\":\"https:\\\/\\\/dradaianepaloschi.com.br\\\/#organization\"},\"alternateName\":\"Dra. Daiane Palosci - Cirurgi\u00e3 Dentista - Especialista em Ronco e Apn\u00e9ia do Sono\",\"potentialAction\":[{\"@type\":\"SearchAction\",\"target\":{\"@type\":\"EntryPoint\",\"urlTemplate\":\"https:\\\/\\\/dradaianepaloschi.com.br\\\/?s={search_term_string}\"},\"query-input\":{\"@type\":\"PropertyValueSpecification\",\"valueRequired\":true,\"valueName\":\"search_term_string\"}}],\"inLanguage\":\"es\"},{\"@type\":\"Organization\",\"@id\":\"https:\\\/\\\/dradaianepaloschi.com.br\\\/#organization\",\"name\":\"Dra. Daiane Palosci - Cirurgi\u00e3 Dentista - Especialista em Ronco e Apn\u00e9ia do Sono\",\"alternateName\":\"Dra. Daiane Palosci - Odontologia - Especialista em Ronco e Apn\u00e9ia do Sono\",\"url\":\"https:\\\/\\\/dradaianepaloschi.com.br\\\/\",\"logo\":{\"@type\":\"ImageObject\",\"inLanguage\":\"es\",\"@id\":\"https:\\\/\\\/dradaianepaloschi.com.br\\\/#\\\/schema\\\/logo\\\/image\\\/\",\"url\":\"https:\\\/\\\/dradaianepaloschi.com.br\\\/wp-content\\\/uploads\\\/2025\\\/01\\\/01-LOGO-RGB-QUADRADO.jpg\",\"contentUrl\":\"https:\\\/\\\/dradaianepaloschi.com.br\\\/wp-content\\\/uploads\\\/2025\\\/01\\\/01-LOGO-RGB-QUADRADO.jpg\",\"width\":1920,\"height\":1920,\"caption\":\"Dra. Daiane Palosci - Cirurgi\u00e3 Dentista - Especialista em Ronco e Apn\u00e9ia do Sono\"},\"image\":{\"@id\":\"https:\\\/\\\/dradaianepaloschi.com.br\\\/#\\\/schema\\\/logo\\\/image\\\/\"},\"sameAs\":[\"https:\\\/\\\/www.instagram.com\\\/dra.daipaloschi\\\/\",\"https:\\\/\\\/share.google\\\/aMXg1GzzLbdJn18kk\",\"https:\\\/\\\/www.ident.com.br\\\/Dra.Dai\\\/perfil-completo\"],\"email\":\"contato@dradaianepaloschi.com.br\",\"telephone\":\"+55 21 99622-9549\",\"foundingDate\":\"2010-01-02\",\"numberOfEmployees\":{\"@type\":\"QuantitativeValue\",\"minValue\":\"1\",\"maxValue\":\"10\"}}]}<\/script>\n<!-- \/ Yoast SEO Premium plugin. -->","yoast_head_json":{"title":"Dra Daiane Paloschi \/ Cirurgi\u00e3 Dentista - Especialista em Ronco e Apn\u00e9ia do Sono","description":"Dra Daiane Paloschi \/ Dentista especialista em Ronco e Apn\u00e9ia do Sono no Rio de Janeiro","robots":{"index":"index","follow":"follow","max-snippet":"max-snippet:-1","max-image-preview":"max-image-preview:large","max-video-preview":"max-video-preview:-1"},"canonical":"https:\/\/dradaianepaloschi.com.br\/es\/","og_locale":"es_ES","og_type":"article","og_title":"Dra Daiane Paloschi","og_description":"Dra Daiane Paloschi \/ Dentista especialista em Ronco e Apn\u00e9ia do Sono no Rio de Janeiro","og_url":"https:\/\/dradaianepaloschi.com.br\/es\/","og_site_name":"Dra. Daiane Paloschi","article_modified_time":"2026-04-18T00:02:24+00:00","og_image":[{"width":1920,"height":1920,"url":"https:\/\/dradaianepaloschi.com.br\/wp-content\/uploads\/2025\/01\/01-LOGO-RGB-QUADRADO.webp","type":"image\/jpeg"}],"twitter_card":"summary_large_image","twitter_misc":{"Tiempo de lectura":"4 minutos"},"schema":{"@context":"https:\/\/schema.org","@graph":[{"@type":"WebPage","@id":"https:\/\/dradaianepaloschi.com.br\/","url":"https:\/\/dradaianepaloschi.com.br\/","name":"Dra Daiane Paloschi \/ Cirurgi\u00e3 Dentista - Especialista em Ronco e Apn\u00e9ia do Sono","isPartOf":{"@id":"https:\/\/dradaianepaloschi.com.br\/#website"},"primaryImageOfPage":{"@id":"https:\/\/dradaianepaloschi.com.br\/#primaryimage"},"image":{"@id":"https:\/\/dradaianepaloschi.com.br\/#primaryimage"},"thumbnailUrl":"https:\/\/dradaianepaloschi.com.br\/wp-content\/uploads\/2025\/01\/01-LOGO-RGB-QUADRADO.webp","datePublished":"2025-01-13T18:47:38+00:00","dateModified":"2026-04-18T00:02:24+00:00","description":"Dra Daiane Paloschi \/ Dentista especialista em Ronco e Apn\u00e9ia do Sono no Rio de Janeiro","breadcrumb":{"@id":"https:\/\/dradaianepaloschi.com.br\/#breadcrumb"},"inLanguage":"es","potentialAction":[{"@type":"ReadAction","target":["https:\/\/dradaianepaloschi.com.br\/"]}]},{"@type":"ImageObject","inLanguage":"es","@id":"https:\/\/dradaianepaloschi.com.br\/#primaryimage","url":"https:\/\/dradaianepaloschi.com.br\/wp-content\/uploads\/2025\/01\/01-LOGO-RGB-QUADRADO.webp","contentUrl":"https:\/\/dradaianepaloschi.com.br\/wp-content\/uploads\/2025\/01\/01-LOGO-RGB-QUADRADO.webp","width":1920,"height":1920,"caption":"Dra Daiane Paloschi Odontologia -Cirurgi\u00e3 Dentista - Especialista em Ronco e Apn\u00e9ia do Sono"},{"@type":"BreadcrumbList","@id":"https:\/\/dradaianepaloschi.com.br\/#breadcrumb","itemListElement":[{"@type":"ListItem","position":1,"name":"Home","item":"https:\/\/dradaianepaloschi.com.br\/"},{"@type":"ListItem","position":2,"name":"Dra Daiane Paloschi"}]},{"@type":"WebSite","@id":"https:\/\/dradaianepaloschi.com.br\/#website","url":"https:\/\/dradaianepaloschi.com.br\/","name":"Dra. Daiane Palosci - Odontologia - Especialista em Ronco e Apn\u00e9ia do Sono","description":"Cirurgi\u00e3 Dentista - Especialista em Ronco e Apn\u00e9ia do Sono","publisher":{"@id":"https:\/\/dradaianepaloschi.com.br\/#organization"},"alternateName":"Dra. Daiane Palosci - Cirurgi\u00e3 Dentista - Especialista em Ronco e Apn\u00e9ia do Sono","potentialAction":[{"@type":"SearchAction","target":{"@type":"EntryPoint","urlTemplate":"https:\/\/dradaianepaloschi.com.br\/?s={search_term_string}"},"query-input":{"@type":"PropertyValueSpecification","valueRequired":true,"valueName":"search_term_string"}}],"inLanguage":"es"},{"@type":"Organization","@id":"https:\/\/dradaianepaloschi.com.br\/#organization","name":"Dra. Daiane Palosci - Cirurgi\u00e3 Dentista - Especialista em Ronco e Apn\u00e9ia do Sono","alternateName":"Dra. Daiane Palosci - Odontologia - Especialista em Ronco e Apn\u00e9ia do Sono","url":"https:\/\/dradaianepaloschi.com.br\/","logo":{"@type":"ImageObject","inLanguage":"es","@id":"https:\/\/dradaianepaloschi.com.br\/#\/schema\/logo\/image\/","url":"https:\/\/dradaianepaloschi.com.br\/wp-content\/uploads\/2025\/01\/01-LOGO-RGB-QUADRADO.jpg","contentUrl":"https:\/\/dradaianepaloschi.com.br\/wp-content\/uploads\/2025\/01\/01-LOGO-RGB-QUADRADO.jpg","width":1920,"height":1920,"caption":"Dra. Daiane Palosci - Cirurgi\u00e3 Dentista - Especialista em Ronco e Apn\u00e9ia do Sono"},"image":{"@id":"https:\/\/dradaianepaloschi.com.br\/#\/schema\/logo\/image\/"},"sameAs":["https:\/\/www.instagram.com\/dra.daipaloschi\/","https:\/\/share.google\/aMXg1GzzLbdJn18kk","https:\/\/www.ident.com.br\/Dra.Dai\/perfil-completo"],"email":"contato@dradaianepaloschi.com.br","telephone":"+55 21 99622-9549","foundingDate":"2010-01-02","numberOfEmployees":{"@type":"QuantitativeValue","minValue":"1","maxValue":"10"}}]}},"_links":{"self":[{"href":"https:\/\/dradaianepaloschi.com.br\/es\/wp-json\/wp\/v2\/pages\/60","targetHints":{"allow":["GET"]}}],"collection":[{"href":"https:\/\/dradaianepaloschi.com.br\/es\/wp-json\/wp\/v2\/pages"}],"about":[{"href":"https:\/\/dradaianepaloschi.com.br\/es\/wp-json\/wp\/v2\/types\/page"}],"author":[{"embeddable":true,"href":"https:\/\/dradaianepaloschi.com.br\/es\/wp-json\/wp\/v2\/users\/1"}],"replies":[{"embeddable":true,"href":"https:\/\/dradaianepaloschi.com.br\/es\/wp-json\/wp\/v2\/comments?post=60"}],"version-history":[{"count":0,"href":"https:\/\/dradaianepaloschi.com.br\/es\/wp-json\/wp\/v2\/pages\/60\/revisions"}],"wp:featuredmedia":[{"embeddable":true,"href":"https:\/\/dradaianepaloschi.com.br\/es\/wp-json\/wp\/v2\/media\/55"}],"wp:attachment":[{"href":"https:\/\/dradaianepaloschi.com.br\/es\/wp-json\/wp\/v2\/media?parent=60"}],"curies":[{"name":"wp","href":"https:\/\/api.w.org\/{rel}","templated":true}]}}